{"id":910,"date":"2026-03-09T01:21:15","date_gmt":"2026-03-09T00:21:15","guid":{"rendered":"https:\/\/www.christusbund.de\/younited\/?page_id=910"},"modified":"2026-03-13T09:29:08","modified_gmt":"2026-03-13T08:29:08","slug":"weekend","status":"publish","type":"page","link":"https:\/\/www.christusbund.de\/younited\/weekend\/","title":{"rendered":"Younited #weekend"},"content":{"rendered":"<div id=\"pl-910\"  class=\"panel-layout\" ><div id=\"pg-910-0\"  class=\"panel-grid panel-has-style\" ><div class=\"full-width panel-row-style panel-row-style-for-910-0\" ><div id=\"pgc-910-0-0\"  class=\"panel-grid-cell\" ><div id=\"panel-910-0-0-0\" class=\"so-panel widget widget_black-studio-tinymce widget_black_studio_tinymce panel-first-child panel-last-child\" data-index=\"0\" ><div class=\"y-weekend-2026 panel-widget-style panel-widget-style-for-910-0-0-0\" ><div class=\"textwidget\"><section class=\"contentHead\">\n  <div class=\"contentHead_bg\"><\/div>\n  <div class=\"jumbotron\">\n    <div class=\"container text-center\">\n      <div class=\"row y-weekend-2026-title\">\n        <div><img decoding=\"async\" src=\"https:\/\/www.christusbund.de\/younited\/wp-content\/uploads\/sites\/42\/yw26-title.png\"><\/div>\n      <\/div>\n    <\/div>\n    <div class=\"scrolldown text-center\">\n      <a href=\"#highlights\"><i class=\"fal fa-chevron-circle-down\"><\/i><\/a>\n    <\/div>\n  <\/div>\n  <\/div>\n<\/section><\/div><\/div><\/div><\/div><\/div><\/div><div id=\"pg-910-1\"  class=\"panel-grid panel-has-style\" ><div class=\"cb_container cb_bg_lightgray panel-row-style panel-row-style-for-910-1\" ><div id=\"pgc-910-1-0\"  class=\"panel-grid-cell\" ><div id=\"panel-910-1-0-0\" class=\"so-panel widget widget_black-studio-tinymce widget_black_studio_tinymce panel-first-child panel-last-child\" data-index=\"1\" ><div class=\"container y-weekend panel-widget-style panel-widget-style-for-910-1-0-0\" ><div class=\"textwidget\"><div id=\"highlights\" class=\"cb_wp_anker\"><\/div>\n<div class=\"jumbotron text-center\">\n  <h1>Younited <span class=\"y-weekend-2026-color\">#weekend<\/span><\/h1>\n  <p>Keine Halle voller verstaubter antiker Helden, sondern ein Zelt voller junger Menschen und ein Wochenende voller Freude, Action, Gemeinschaft und Zeiten des Nachdenkens \u00fcber Gott, das Leben und den wirklich wahren Helden: <strong>19.06.<\/strong> bis <strong>21.06.2026<\/strong> in Friolzheim. <\/p>\n  <p class=\"cb_btn_multi\">\n    <a class=\"btn btn-y-weekend-2026-color btn-lg\" href=\"#anmelden\"><i class=\"fas fa-ticket fa-fw\"><\/i> Anmeldung<\/a>\n    <a class=\"btn btn-y-weekend-2026-color btn-lg\" href=\"#spendenaktion\"><i class=\"fas fa-heart fa-fw\"><\/i> Spenden-Aktion<\/a>\n  <\/p>\n<\/div><\/div><\/div><\/div><\/div><\/div><\/div><div id=\"pg-910-2\"  class=\"panel-grid panel-has-style\" ><div class=\"cb_container panel-row-style panel-row-style-for-910-2\" ><div id=\"pgc-910-2-0\"  class=\"panel-grid-cell\" ><div id=\"panel-910-2-0-0\" class=\"so-panel widget widget_black-studio-tinymce widget_black_studio_tinymce panel-first-child panel-last-child\" data-index=\"2\" ><div class=\"container y-weekend-2026 panel-widget-style panel-widget-style-for-910-2-0-0\" ><div class=\"textwidget\"><div id=\"programm\" class=\"cb_wp_anker\"><\/div>\n<div class=\"row program\">\n  <div class=\"col-12 col-md-4\">\n    <h2>Freitag | 19. Juni<\/h2>\n    <div class=\"programm-item\">\n      <h4>ab 18:00 | <span class=\"y-weekend-2026-color\">Check-In<\/span><\/h4>\n      <p>Das Wochenende startet ab 18:00 mit dem Check-In im Infozelt und der Zuteilung der Schlafpl\u00e4tze. Damit das alles schnell und reibungslos funktioniert, meldet euch bitte bis sp\u00e4testens 08.06.2026 online an.<\/p>\n    <\/div>\n    <div class=\"programm-item\">\n      <h4>19:30 | <span class=\"y-weekend-2026-color\">Session 1<\/span><\/h4>\n      <p>Und dann geht es auch schon richtig los \u2013 mit unserer ersten von vier Hauptsessions. <strong>Hall of Faith<\/strong> ist das Thema des Wochenendes.<\/p>\n    <\/div>\n    <div class=\"programm-item\">\n      <h4>20:45 | <span class=\"y-weekend-2026-color\">Vibes & Bites<\/span><\/h4>\n      <p>Den Abend lassen wir in entspannter Atmosph\u00e4re mit verschiedenen Angeboten und Foodst\u00e4nden ausklingen. Im Teilnahmebeitrag sind Snack-Tickets im Wert von 5,00 \u20ac enthalten. Wer viel Hunger hat, bringt noch zus\u00e4tzlich etwas Kleingeld mit und kann sich weitere Snack-Tickets kaufen.<\/p>\n    <\/div>\n  <\/div>\n  <div class=\"col-12 col-md-4\">\n    <h2>Samstag | 20. Juni<\/h2>\n    <div class=\"programm-item\">\n      <h4>ab 08:30 | <span class=\"y-weekend-2026-color\">Check-In<\/span><\/h4>\n      <p>Nachz\u00fcgler und Tagesg\u00e4ste k\u00f6nnen sich ab 08:30 im Infozelt einchecken.<\/p>\n    <\/div>\n    <div class=\"programm-item\">\n      <h4>10:00 | <span class=\"y-weekend-2026-color\">Session 2<\/span><\/h4>\n      <p>Nach einem leckeren Fr\u00fchst\u00fcck treffen wir uns mit unseren Teen-\/Jugendkreisen oder mit Freunden und starten gemeinsam mit Gott in den Tag. Danach geht es um 10:00 mit unserer zweiten Hauptsession weiter.<\/p>\n    <\/div>\n    <div class=\"programm-item\">\n      <h4>ab 13:30 | <span class=\"y-weekend-2026-color\">Seminare & Workshops<\/span><\/h4>\n      <p>Am Nachmittag habt ihr die Qual der Wahl und k\u00f6nnt zwischen verschiedenen Seminaren, Workshops und Sportangeboten w\u00e4hlen.<\/p>\n    <\/div>\n    <div class=\"programm-item\">\n      <h4>20:15 | <span class=\"y-weekend-2026-color\">Prime-Time<\/span><\/h4>\n      <p>Zu besten Sendezeit l\u00e4uft auf unserer B\u00fchne ein besonderes Programm. Lasst euch \u00fcberraschen!<\/p>\n    <\/div>\n  <\/div>\n  <div class=\"col-12 col-md-4\">\n    <h2>Sonntag | 21. Juni<\/h2>\n    <div class=\"programm-item\">\n      <h4>ab 08:30 | <span class=\"y-weekend-2026-color\">Check-In<\/span><\/h4>\n      <p>Wenn ihr erst jetzt kommt, habt ihr sicher schon einiges verpasst. Aber wir freuen uns trotzdem, dass ihr f\u00fcr den Sonntag dabei seid.<\/p>\n    <\/div>\n    <div class=\"programm-item\">\n      <h4>10:00 | <span class=\"y-weekend-2026-color\">Session 3<\/span><\/h4>\n      <p>Am Sonntagmorgen treffen wir uns zur dritten Session und feiern gemeinsam Gottesdienst.<\/p>\n    <\/div>\n    <div class=\"programm-item\">\n      <h4>13:15 | <span class=\"y-weekend-2026-color\">Seminare<\/span><\/h4>\n      <p>Nach dem Mittagessen habt ihr noch einmal die Chance verschiedene Seminare zu besuchen.<\/p>\n    <\/div>\n    <div class=\"programm-item\">\n      <h4>14:45 | <span class=\"y-weekend-2026-color\">Session 4<\/span><\/h4>\n      <p>Zum Abschluss wollen wir uns dann noch einmal gemeinsam mit einem Aspekt unseres Hauptthemas besch\u00e4ftigen. Und dann hei\u00dft es gegen 16:30 ab nach Hause und das Geh\u00f6rte mit in den Alltag nehmen.<\/p>\n    <\/div>\n  <\/div>\n<\/div><\/div><\/div><\/div><\/div><\/div><\/div><div id=\"pg-910-3\"  class=\"panel-grid panel-has-style\" ><div class=\"cb_container cb_bg_lightgray panel-row-style panel-row-style-for-910-3\" ><div id=\"pgc-910-3-0\"  class=\"panel-grid-cell\" ><div id=\"panel-910-3-0-0\" class=\"so-panel widget widget_black-studio-tinymce widget_black_studio_tinymce panel-first-child panel-last-child\" data-index=\"3\" ><div class=\"container y-weekend-2026 panel-widget-style panel-widget-style-for-910-3-0-0\" ><div class=\"textwidget\"><div id=\"referent\" class=\"cb_wp_anker\"><\/div>\n<div class=\"row\">\n  <div class=\"col-12 col-md-7 col-lg-8\">\n    <h2>Rudi Tissen<\/h2>\n    <p>Rudi Tissen ist Pastor der EFG Unna. Er studierte Theologie und hat eine gro\u00dfe Leidenschaft f\u00fcr den Musikdienst in der Gemeinde und ist selbst auch als Songwriter t\u00e4tig. Er und seine Frau Christina haben eine Tochter.<\/p>\n    <p class=\"cb_btn_multi\">\n      <a class=\"btn btn-lightgray\" href=\"https:\/\/www.instagram.com\/rudi.tissen\/\" target=\"_blank\"><i class=\"fab fa-instagram\"><\/i>\u00a0Rudi auf Instagram<\/a>\n    <\/p>\n  <\/div>\n  <div class=\"col-12 col-md-5 col-lg-4 text-center\">\n    <img decoding=\"async\" src=\"https:\/\/www.christusbund.de\/younited\/wp-content\/uploads\/sites\/42\/rudi_tissen-500x500-1.jpg\" alt=\"Rudi Tissen\" class=\"img-circle img-border y-weekend-2026-max-width-img sm\">\n  <\/div>\n<\/div><\/div><\/div><\/div><\/div><\/div><\/div><div id=\"pg-910-4\"  class=\"panel-grid panel-has-style\" ><div class=\"cb_container panel-row-style panel-row-style-for-910-4\" ><div id=\"pgc-910-4-0\"  class=\"panel-grid-cell\" ><div id=\"panel-910-4-0-0\" class=\"so-panel widget widget_black-studio-tinymce widget_black_studio_tinymce panel-first-child panel-last-child\" data-index=\"4\" ><div class=\"container y-weekend-2026 panel-widget-style panel-widget-style-for-910-4-0-0\" ><div class=\"textwidget\"><div id=\"anmelden\" class=\"cb_wp_anker\"><\/div>\n<div class=\"row\">\n  <div class=\"col-12 col-md-6\">\n    <h2>Online-Anmeldung<\/h2>\n    <p>Herzlich eingeladen sind Teens und Jugendliche ab 13 Jahren sowie junge Erwachsene. Bitte melde dich bis sp\u00e4testens 08.06.2026 online an. Grunds\u00e4tzlich kannst du auch immer noch spontan vorbeikommen. Aber deine fr\u00fchzeitige Anmeldung hilft uns bei der Planung und erspart dir den Sp\u00e4tbucherzuschlag von 5 Euro, der ab einer Anmeldung nach dem 19.06.2026 oder vor Ort f\u00e4llig wird.<\/p>  \n    <p><strong>\u00dcbernachten<\/strong> kannst du entweder mit Dach \u00fcber dem Kopf in unserem <strong>Freizeitheim<\/strong> oder deine Freunde und du packen ein <strong>Zelt<\/strong> ein und ihr campt unterm Sternenhimmel. Gib bei der Anmeldung auf jeden Fall an, ob und wie wir dich unterbringen sollen.<\/p>\n    <p>Gruppenanmeldungen sind nicht vorgesehen. Aber nat\u00fcrlich kannst du bei der Anmeldung in den Bemerkungen angeben, wenn du z.B. mit deinen Freunden in ein Zimmer willst.<\/p>\n    <p>Nach erfolgreicher Anmeldung schicken wir dir nach kurzer Bearbeitungszeit eine Teilnahmebest\u00e4tigung zu. Deinen <strong>Teilnahmebeitrag<\/strong> zahlst du erst beim <strong>Check-In<\/strong> am Anreisetag in bar.<\/p>\n    <p style=\"margin-top: 15px; margin-bottom: 25px;\">\n      <a class=\"btn btn-y-weekend-2026-color\" href=\"https:\/\/www.christusbund.de\/freizeiten\/anmelden?fid=26yw\"><i class=\"fas fa-ticket fa-fw\"><\/i> Jetzt anmelden<\/a>\n    <\/p>\n  <br>\n  <\/div>\n  <div class=\"col-12 col-md-6 \">\n    <h2>Preisliste<\/h2>\n    <table class=\"table table-hover\">\n      <tr>\n        <td width=\"80\" class=\"text-left\"><strong>Fr bis So<\/strong> im Zelt oder ohne \u00dcbernachtung<\/td>\n        <td width=\"20\" class=\"text-right\">50,00 \u20ac<\/td>\n      <\/tr>\n      <tr>\n        <td class=\"text-left\"><strong>Fr bis So<\/strong> im Haus im Schlafsaal mit Isomatte\/Schlafsack<\/td>\n        <td class=\"text-right\">65,00 \u20ac<\/td>\n      <\/tr>\n      <tr>\n        <td class=\"text-left\"><strong>Fr bis So<\/strong> im Haus im Zimmer mit Waschbecken<\/td>\n        <td class=\"text-right\">70,00 \u20ac<\/td>\n      <\/tr>\n      <tr>\n        <td class=\"text-left\"><strong>Fr bis So<\/strong> im Haus im Zimmer mit Dusche\/WC<\/td>\n        <td class=\"text-right\">80,00 \u20ac<\/td>\n      <\/tr>\n      <tr>\n        <td class=\"text-left\"><strong>Fr bis Sa<\/strong> im Zelt oder ohne \u00dcbernachtung<\/td>\n        <td class=\"text-right\">35,00 \u20ac<\/td>\n      <\/tr>\n      <tr>\n        <td class=\"text-left\"><strong>Sa bis So<\/strong> im Zelt oder ohne \u00dcbernachtung<\/td>\n        <td class=\"text-right\">45,00 \u20ac<\/td>\n      <\/tr>\n      <tr>\n        <td class=\"text-left\">nur Freitag<\/td>\n        <td class=\"text-right\">5,00 \u20ac<\/td>\n      <\/tr>\n      <tr>\n        <td class=\"text-left\">nur Samstag<\/td>\n        <td class=\"text-right\">30,00 \u20ac<\/td>\n      <\/tr>\n      <tr>\n        <td class=\"text-left\">nur Sonntag<\/td>\n        <td class=\"text-right\">25,00 \u20ac<\/td>\n      <\/tr>\n      <tr>\n        <td class=\"text-left\">+ Sp\u00e4tbucherzuschlag (bei Anmeldung ab 19.06.)<\/td>\n        <td class=\"text-right\">5,00 \u20ac<\/td>\n      <\/tr>\n    <\/table>\n  <\/div>\n<\/div><\/div><\/div><\/div><\/div><\/div><\/div><div id=\"pg-910-5\"  class=\"panel-grid panel-has-style\" ><div class=\"cb_container cb_bg_lightgray panel-row-style panel-row-style-for-910-5\" ><div id=\"pgc-910-5-0\"  class=\"panel-grid-cell\" ><div id=\"panel-910-5-0-0\" class=\"so-panel widget widget_black-studio-tinymce widget_black_studio_tinymce panel-first-child panel-last-child\" data-index=\"5\" ><div class=\"container y-weekend panel-widget-style panel-widget-style-for-910-5-0-0\" ><div class=\"textwidget\"><div id=\"spendenaktion\" class=\"cb_wp_anker\"><\/div>\n<div class=\"row\">\n  <div class=\"col-12 col-md-7 col-lg-7\">\n    <h2><span class=\"y-weekend-2026-color\">Missionsprojekt<\/span><br>Klassenzimmer f\u00fcr Kinder im Tschad<\/h2>\n    <p>Bildung ist im Tschad ein kostbares Gut \u2013 nur etwa 28 % der Bev\u00f6lkerung k\u00f6nnen lesen und schreiben. In Ab\u00e9ch\u00e9 im Osten des Landes leistet das Waisenhaus \u201eBakan Assalam\u201c (\u201eOrt des Friedens\u201c) seit vielen Jahren wertvolle Arbeit im medizinischen und p\u00e4dagogischen Bereich. Seit Oktober 2022 geh\u00f6rt dazu auch eine christliche Grundschule, die jedes Jahr um eine Klassenstufe w\u00e4chst. F\u00fcr viele Familien aus dem Viertel ist sie ein Ort der Hoffnung: niedrige Schulgeb\u00fchren, engagierte Lehrer und guter Unterricht, der den Kindern wichtige Grundlagen f\u00fcr ihre Zukunft vermittelt. Besonders dankbar sind wir, dass die Kinder \u2013 \u00fcberwiegend aus muslimischen Familien \u2013 hier von Jesus Christus h\u00f6ren d\u00fcrfen und von der Hoffnung, die wir in ihm haben.<\/p>\n    <p>F\u00fcr den weiteren Ausbau werden zwei zus\u00e4tzliche Klassenzimmer ben\u00f6tigt (Kosten ca. 20.000 \u20ac). Wir wollen durch unseren Beitrag bei Younited #weekend mithelfen, Bildung und Hoffnung weiterzugeben!<\/p>\n\n    <p>Erfahre mehr zum Projekt und zur Arbeit von SAHEL LIFE:<\/p>\n    <p class=\"cb_btn_multi\">\n      <a class=\"btn btn-y-weekend-2026-color\" href=\"https:\/\/sahel-life.org\/de\/tschad-abeche\/\" target=\"_blank\"><i class=\"fas fa-globe fa-fw\"><\/i>\u00a0www.sahel-life.org<\/a>\n    <\/p>\n  <\/div>\n  <div class=\"col-12 col-md-5 col-lg-5 text-center\">\n<a href=\"https:\/\/www.youtube.com\/watch?v=5JfFSntdnyE\"><img decoding=\"async\" style=\"margin-top: 55px; border: 6px solid #fff; border-radius: 4px;\" src=\"https:\/\/www.christusbund.de\/younited\/wp-content\/uploads\/sites\/42\/yw26_missionsprojekt_thumb.jpg\" alt=\"YouTube\" width=\"100%\" \/><\/a>\n    <div class=\"youtube_privacy text-center\">\n      <p style=\" font-size: 15px;\"><strong>Hinweis:<\/strong> Bitte beachte vor dem Abspielen die <a class=\"y-weekend-2026-link\" href=\"https:\/\/www.christusbund.de\/datenschutz\/#youtube\" rel=\"noopener\" target=\"_blank\">Datenschutzhinweise<\/a> zu eingebundenen YouTube-Videos.<\/p>\n    <\/div>\n  <\/div>\n<\/div><\/div><\/div><\/div><\/div><\/div><\/div><div id=\"pg-910-6\"  class=\"panel-grid panel-has-style\" ><div class=\"cb_container panel-row-style panel-row-style-for-910-6\" ><div id=\"pgc-910-6-0\"  class=\"panel-grid-cell\" ><div id=\"panel-910-6-0-0\" class=\"so-panel widget widget_black-studio-tinymce widget_black_studio_tinymce panel-first-child panel-last-child\" data-index=\"6\" ><div class=\"container y-weekend-2026 panel-widget-style panel-widget-style-for-910-6-0-0\" ><div class=\"textwidget\"><div id=\"anmelden\" class=\"cb_wp_anker\"><\/div>\n<div class=\"row\">\n  <div class=\"col-12 col-md-6\">\n    <h2>Spenden-Aktion<\/h2>\n    <p>Und jetzt seid ihr dran: Startet mit eurem Teen-\/Jugendkreis, mit euren Freunden oder auch als Einzelperson verschiedene <strong>Aktionen<\/strong>, um <strong>Spenden<\/strong> f\u00fcr das Missionsprojekt zu <strong>sammeln<\/strong>. Wie w\u00e4re es z.B. mit einer Auto-Putz-Aktion oder helft anderen und lasst euch z.B. f\u00fcrs Rasenm\u00e4hen, Blumengie\u00dfen oder Fensterputzen sponsern. Vieles ist m\u00f6glich und jeder Euro hilft!<\/p>\n    <p>Alle Infos zum Ablauf der Spenden-Aktion haben wir euch in einer <strong>Anleitung<\/strong> zusammengefasst. Bitte lest das Dokument vor dem Start eurer Aktion sorgf\u00e4ltig durch. Aktuelles erfahrt ihr zus\u00e4tzlich \u00fcber Instagram.<\/p>\n    <p>Damit wir den Sponsoren eine Zuwendungsbest\u00e4tigung f\u00fcr ihre Spende ausstellen k\u00f6nnen, \u00fcbergebt ihnen einen <strong>Sponsorenbrief<\/strong> mit allen wichtigen Infos und bittet sie, den Spendenbetrag unter Angabe der vollst\u00e4ndigen Adresse im Verwendungszweck direkt an uns zu \u00fcberweisen. Lest dazu auch die Erkl\u00e4rung in der Anleitung.<\/p>\n    <p>Wir sind gespannt, wieviel Geld ihr bei euren Aktionen f\u00fcr das Missionsprojekt sammeln k\u00f6nnt. Teilt uns dazu bitte bis sp\u00e4testens Samstag, 20.06.2026 eure <strong>Gesamtsumme<\/strong>, die Anzahl an Teammitgliedern und euren Teamnamen mit. Das k\u00f6nnt ihr entweder bis vor der Abendveranstaltung am Samstag im Info-Zelt machen oder ihr \u00fcbermittelt uns die Infos noch einfacher \u00fcber das R\u00fcckmeldeformular.<\/p>\n    <p class=\"cb_btn_multi\">\n      <a class=\"btn btn-y-weekend-2026-color\" href=\"https:\/\/www.christusbund.de\/younited\/wp-content\/uploads\/sites\/42\/yw-2026-spendenaktion-anleitung.pdf\" target=\"_blank\"><i class=\"fas fa-download fa-fw\"><\/i>\u00a0Anleitung<\/a>\n      <a class=\"btn btn-y-weekend-2026-color\" href=\"https:\/\/www.christusbund.de\/younited\/wp-content\/uploads\/sites\/42\/yw-2026-sponsorenbrief.pdf\" target=\"_blank\"><i class=\"fas fa-download fa-fw\"><\/i>\u00a0Sponsorenbrief<\/a>\n    <\/p>\n    <br>\n  <\/div>\n  <div class=\"col-12 col-md-6 \">\n    <div id=\"spendenaktion-rueckmeldung\" class=\"cb_wp_anker\"><\/div>\n    <h2>Ergebnis \u00fcbermitteln<\/h2>\n    \n    <form id=\"result-report-form\" method=\"post\">\n      <!-- Team-Name -->\n      <div class=\"form-group\">\n        <label class=\"control-label\">Teamname mit Ortsangabe<span class=\"color-primary\">*<\/span><\/label>\n        <div>\n          <input type=\"text\" class=\"form-control\" name=\"teamname\" placeholder=\"z.B. Jugendkreis Friolzheim\" required=\"true\">\n        <\/div>\n      <\/div>\n      <!-- E-Mail -->\n      <div class=\"form-group\">\n        <label class=\"control-label\">E-Mail-Adresse<span class=\"color-primary\">*<\/span><\/label>\n        <div>\n          <input type=\"email\" class=\"form-control\" name=\"email\" id=\"email\" placeholder=\"E-Mail-Adresse f\u00fcr R\u00fcckfragen\" required=\"true\">\n        <\/div>\n      <\/div>\n      <!-- Teamgr\u00f6\u00dfe -->\n      <div class=\"form-group\">\n        <label class=\"control-label\">Anzahl Teammitglieder<span class=\"color-primary\">*<\/span><\/label>\n        <div>\n          <input type=\"number\" class=\"form-control\" name=\"personenanzahl\" placeholder=\"Wie viele haben in eurem Team mit gesammelt? \" required=\"true\">\n        <\/div>\n      <\/div>\n      <!-- Team-Name -->\n      <div class=\"form-group\">\n        <label class=\"control-label\">Spendensumme<span class=\"color-primary\">*<\/span><\/label>\n        <div>\n          <input type=\"number\" step=\"0.01\" class=\"form-control\" name=\"spendensumme\" placeholder=\"z.B. 1.052,12 \u20ac\" required=\"true\">\n        <\/div>\n      <\/div>\n      <!-- Bemerkungen -->\n      <div class=\"form-group\">\n        <label class=\"control-label\">Bemerkung<\/label>\n        <div>\n          <textarea class=\"form-control\" name=\"bemerkungen\" rows=\"3\" placeholder=\"Bemerkungen & Hinweise\"><\/textarea>\n        <\/div>\n      <\/div>\n      <p>Wir verarbeiten deine personenbezogenen Daten ausschlie\u00dflich zur Durchf\u00fchrung der Spenden-Aktion. Detaillierte Informationen zu unserem Umgang mit deinen personenbezogenen Daten sowie zu deinen Rechten findest du in unserer <a class=\"y-weekend-2026-link\" href=\"https:\/\/www.christusbund.de\/datenschutz\" target=\"_blank\">Datenschutzerkl\u00e4rung<\/a>.<\/p>\n      <!-- Error messages -->\n      <div id=\"result-report-form-errors\" class=\"errors\">\n        <ul><\/ul>\n      <\/div>\n      <div class=\"form-group spam_protection\">\n        <label for=\"validate\">Technisches Feld<\/label>\n        <input type=\"text\" class=\"form-control\" id=\"validate\" name=\"validate\" placeholder=\"Bitte Feld nicht ausf\u00fcllen!\">\n      <\/div>\n      <!-- Submit button -->\n      <div class=\"form-group\">\n        <div>\n          <button type=\"submit\" class=\"btn btn-y-weekend-2026-color\"><i class=\"fas fa-paper-plane\"><\/i>\u00a0Ergebnis \u00fcbermitteln<\/button>\n          <input type=\"hidden\" name=\"form_tools_form_id\" value=\"53\" \/>\n        <\/div>\n      <\/div>\n    <\/form>\n  <\/div>\n<\/div>\n\n<script type=\"text\/javascript\">\njQuery(document).ready(function ($) {\r\n  $('#team-registartion-form')\r\n    .formValidation({\r\n      framework: 'bootstrap',\r\n      live: 'submitted',\r\n      autoFocus: 'false',\r\n      fields: {\r\n        teamname: {\r\n          validators: {\r\n            notEmpty: {\r\n              message: 'Teamname ist ein Pflichtfeld.'\r\n            },\r\n            stringLength: {\r\n              max: 100,\r\n              message: 'Das Feld Teamname darf maximal 100 Zeichen enthalten.'\r\n            }\r\n          }\r\n        },\r\n        vorname: {\r\n          validators: {\r\n            notEmpty: {\r\n              message: 'Vorname ist ein Pflichtfeld.'\r\n            }\r\n          }\r\n        },\r\n        nachname: {\r\n          validators: {\r\n            notEmpty: {\r\n              message: 'Nachname ist ein Pflichtfeld.'\r\n            }\r\n          }\r\n        },\r\n        email: {\r\n          validators: {\r\n            notEmpty: {\r\n              message: 'E-Mail-Adresse ist ein Pflichtfeld.'\r\n            },\r\n            emailAddress: {\r\n              message: 'Bitte gib eine g\u00fcltige E-Mail-Adresse an.'\r\n            },\r\n            stringLength: {\r\n              max: 512,\r\n              message: 'E-Mail muss k\u00fcrzer als 512 Zeichen sein.'\r\n            }\r\n          }\r\n        },\r\n        bemerkungen: {\r\n          validators: {\r\n            stringLength: {\r\n              max: 2024,\r\n              message: 'Das Feld Bemerkungen darf maximal 2000 Zeichen enthalten.'\r\n            }\r\n          }\r\n        }\r\n      }\r\n    })\r\n\r\n    .on('err.field.fv', function (e, data) {\r\n      \/\/ Get the messages of field\r\n      var messages = data.fv.getMessages(data.element);\r\n\r\n      \/\/ Remove the field messages if they're already available\r\n      $('#team-registartion-form-errors ul').find('li[data-field=\"' + data.field + '\"]').remove();\r\n\r\n      \/\/ Add bootstrap alert class\r\n      $('#team-registartion-form-errors').addClass('alert alert-warning');\r\n\r\n      \/\/ Loop over the messages\r\n      for (var i in messages) {\r\n        \/\/ Create new 'li' element to show the message\r\n        $('<li\/>')\r\n          .attr('data-field', data.field)\r\n          .wrapInner(\r\n            $('<a\/>')\r\n            .attr('href', 'javascript: void(0);')\r\n            .html('<i class=\"fas fa-bolt\"><\/i> ' + messages[i])\r\n            .on('click', function (e) {\r\n              \/\/ Focus on the invalid field\r\n              data.element.focus();\r\n            })\r\n          )\r\n          .appendTo('#team-registartion-form-errors ul');\r\n      }\r\n    })\r\n\r\n    .on('success.field.fv', function (e, data) {\r\n      \/\/ Remove has-success\r\n      var $parent = data.element.parents('.form-group');\r\n      var $parent_ = data.element.parents('.form_parent');\r\n      \/\/ Remove the has-success class\r\n      $parent.removeClass('has-success');\r\n      $parent_.removeClass('has-success');\r\n      \/\/ Remove the field messages\r\n      $('#team-registartion-form-errors ul').find('li[data-field=\"' + data.field + '\"]').remove();\r\n      if ($('#team-registartion-form-errors ul li').length === 0) {\r\n        $('#team-registartion-form-errors').removeClass('alert alert-warning');\r\n      }\r\n    })\r\n\r\n\r\n\r\n  $('#result-report-form')\r\n    .formValidation({\r\n      framework: 'bootstrap',\r\n      live: 'submitted',\r\n      autoFocus: 'false',\r\n      fields: {\r\n        teamname: {\r\n          validators: {\r\n            notEmpty: {\r\n              message: 'Teamname ist ein Pflichtfeld.'\r\n            },\r\n            stringLength: {\r\n              max: 100,\r\n              message: 'Das Feld Teamname darf maximal 100 Zeichen enthalten.'\r\n            }\r\n          }\r\n        },\r\n        email: {\r\n          validators: {\r\n            notEmpty: {\r\n              message: 'E-Mail-Adresse ist ein Pflichtfeld.'\r\n            },\r\n            emailAddress: {\r\n              message: 'Bitte gib eine g\u00fcltige E-Mail-Adresse an.'\r\n            },\r\n            stringLength: {\r\n              max: 512,\r\n              message: 'E-Mail muss k\u00fcrzer als 512 Zeichen sein.'\r\n            }\r\n          }\r\n        },\r\n        personenanzahl: {\r\n          validators: {\r\n            notEmpty: {\r\n              message: 'Anzahl Teammitglieder ist ein Pflichtfeld.'\r\n            }\r\n          }\r\n        },\r\n        spendensumme: {\r\n          validators: {\r\n            notEmpty: {\r\n              message: 'Spendensumme ist ein Pflichtfeld.'\r\n            }\r\n          }\r\n        },\r\n        bemerkungen: {\r\n          validators: {\r\n            stringLength: {\r\n              max: 2024,\r\n              message: 'Das Feld Bemerkungen darf maximal 2000 Zeichen enthalten.'\r\n            }\r\n          }\r\n        },\r\n        validate: {\r\n          validators: {\r\n            stringLength: {\r\n              max: 0,\r\n              message: 'Technischer Fehler!'\r\n            }\r\n          }\r\n        }\r\n      }\r\n    })\r\n\r\n    .on('err.field.fv', function (e, data) {\r\n      \/\/ Get the messages of field\r\n      var messages = data.fv.getMessages(data.element);\r\n\r\n      \/\/ Remove the field messages if they're already available\r\n      $('#result-report-form-errors ul').find('li[data-field=\"' + data.field + '\"]').remove();\r\n\r\n      \/\/ Add bootstrap alert class\r\n      $('#result-report-form-errors').addClass('alert alert-warning');\r\n\r\n      \/\/ Loop over the messages\r\n      for (var i in messages) {\r\n        \/\/ Create new 'li' element to show the message\r\n        $('<li\/>')\r\n          .attr('data-field', data.field)\r\n          .wrapInner(\r\n            $('<a\/>')\r\n            .attr('href', 'javascript: void(0);')\r\n            .html('<i class=\"fas fa-bolt\"><\/i> ' + messages[i])\r\n            .on('click', function (e) {\r\n              \/\/ Focus on the invalid field\r\n              data.element.focus();\r\n            })\r\n          )\r\n          .appendTo('#result-report-form-errors ul');\r\n      }\r\n    })\r\n\r\n    .on('success.field.fv', function (e, data) {\r\n      \/\/ Remove has-success\r\n      var $parent = data.element.parents('.form-group');\r\n      var $parent_ = data.element.parents('.form_parent');\r\n      \/\/ Remove the has-success class\r\n      $parent.removeClass('has-success');\r\n      $parent_.removeClass('has-success');\r\n      \/\/ Remove the field messages\r\n      $('#result-report-form-errors ul').find('li[data-field=\"' + data.field + '\"]').remove();\r\n      if ($('#result-report-form-errors ul li').length === 0) {\r\n        $('#result-report-form-errors').removeClass('alert alert-warning');\r\n      }\r\n    })\r\n})\n<\/script><\/div><\/div><\/div><\/div><\/div><\/div><div id=\"pg-910-7\"  class=\"panel-grid panel-has-style\" ><div class=\"cb_container cb_bg_lightgray panel-row-style panel-row-style-for-910-7\" ><div id=\"pgc-910-7-0\"  class=\"panel-grid-cell\" ><div id=\"panel-910-7-0-0\" class=\"so-panel widget widget_black-studio-tinymce widget_black_studio_tinymce panel-first-child panel-last-child\" data-index=\"7\" ><div class=\"container y-weekend panel-widget-style panel-widget-style-for-910-7-0-0\" ><div class=\"textwidget\"><div class=\"ueber-uns\">\n  <h2><span class=\"y-weekend-2026-color\">Younited #weekend<\/span><br>Was ist das und wer sind wir?<\/h2>\n\n  <p>Younited #weekend (bis 2020 \u00bbDynamis\u00ab) ist das Jugendtreffen des Christusbunds. Einmal im Jahr treffen sich Jugendliche und junge Erwachsene in Friolzheim und erleben ein paar prall gef\u00fcllte Tage! Herzlich willkommen sind alle jungen Leute, die sich daf\u00fcr interessieren! Action, Fun und Freunde treffen ist an diesem Wochenende angesagt, aber vor allem geht es darum immer mehr zu begreifen: Was kann und was will Jesus Christus aus meinem Leben machen. Dazu laden wir jedes Jahr einen Hauptreferenten ein, der zu wichtigen Themen des Glaubens und Lebens spricht. Es gibt verschiedenste Seminare und Workshops und ein spezielles Missionsprojekt, das wir kennenlernen und mit einer Spenden-Aktion ganz praktisch unterst\u00fctzen. Au\u00dferdem haben wir die M\u00f6glichkeit viele andere Leute zu treffen und mit ihnen \u00fcber die wichtigen Dinge des Lebens zu reden \u2013 oder auch die weniger wichtigen...<\/p>\n\n  <p>Wir wollen zu einem Leben mit Jesus Christus einladen und motivieren, in allen Lagen Gott zu vertrauen. Der Christusbund ist ein evangelischer Gemeindeverband in S\u00fcddeutschland. Wir haben ein uneingeschr\u00e4nktes Vertrauen in das Wort Gottes, wie es uns in der Bibel \u00fcberliefert ist. Wir glauben an Jesus Christus und wissen, dass er uns alle Schuld vergibt und unser Leben neu macht. Seit Jahren sehen wir in unseren verschiedenen Arbeitsbereichen eine gro\u00dfe Chance Gemeinschaft zu erleben und die Botschaft der Bibel zu verk\u00fcndigen.<\/p>\n\n<\/div><\/div><\/div><\/div><\/div><\/div><\/div><div id=\"pg-910-8\"  class=\"panel-grid panel-has-style\" ><div class=\"full-width panel-row-style panel-row-style-for-910-8\" ><div id=\"pgc-910-8-0\"  class=\"panel-grid-cell\" ><div id=\"panel-910-8-0-0\" class=\"so-panel widget widget_black-studio-tinymce widget_black_studio_tinymce panel-first-child panel-last-child\" data-index=\"8\" ><div class=\"textwidget\"><div id=\"map\"><\/div>\n<script type=\"text\/javascript\">\nmaplibregl.accessToken = 'pk.eyJ1IjoiY2JkZXZlbG9wZXIiLCJhIjoiU0FlYUk4ayJ9.yZN1LhjJhopp3Zt6AlAUkQ';\r\nvar map = new maplibregl.Map({\r\n  container: 'map',\r\n  style: 'https:\/\/api.maptiler.com\/maps\/ab4c5dbe-da20-4004-9ff0-e4c1d145b182\/style.json?key=Y4CkKkGMyEQkCkxyuft5',\r\n  center: [8.825000, 48.835710],\r\n  zoom: 8,\r\n  pitch: 50\r\n});\r\nmap.addControl(new maplibregl.NavigationControl());\r\nmap.scrollZoom.disable();\r\n\r\nnew maplibregl.Marker({\r\n    color: '#acaa00',\r\n    closeButton: false\r\n  })\r\n  .setLngLat([8.825000, 48.835710])\r\n  .setPopup(new maplibregl.Popup({\r\n      offset: 25, focusAfterOpen: false\r\n    }) \/\/ add popups\r\n    .setHTML(\"<strong>Freizeitheim Friolzheim<\/strong><br>M\u00fchlweg 8 | 71292 Friolzheim<br>Tel. 07044 41155<br><a class='pointer' href='https:\/\/goo.gl\/maps\/fVXgqc89om22' target='_blank'><i class='far fa-arrow-circle-right''><\/i> Google Maps<\/a>\"))\r\n  .addTo(map)\r\n  .togglePopup();\n<\/script><\/div><\/div><\/div><\/div><\/div><\/div>","protected":false},"excerpt":{"rendered":"<p>Younited #weekend Keine Halle voller verstaubter antiker Helden, sondern ein Zelt voller junger Menschen und ein Wochenende voller Freude, Action, Gemeinschaft und Zeiten des Nachdenkens \u00fcber Gott, das Leben und den wirklich wahren Helden: 19.06. bis 21.06.2026 in Friolzheim. Anmeldung [&hellip;]<\/p>\n","protected":false},"author":2,"featured_media":0,"parent":0,"menu_order":0,"comment_status":"closed","ping_status":"closed","template":"page-templates\/page_empty.php","meta":{"footnotes":""},"class_list":["post-910","page","type-page","status-publish","hentry"],"publishpress_future_action":{"enabled":false,"date":"2026-05-08 10:47:19","action":"change-status","newStatus":"draft","terms":[],"taxonomy":"","extraData":[]},"publishpress_future_workflow_manual_trigger":{"enabledWorkflows":[]},"_links":{"self":[{"href":"https:\/\/www.christusbund.de\/younited\/wp-json\/wp\/v2\/pages\/910","targetHints":{"allow":["GET"]}}],"collection":[{"href":"https:\/\/www.christusbund.de\/younited\/wp-json\/wp\/v2\/pages"}],"about":[{"href":"https:\/\/www.christusbund.de\/younited\/wp-json\/wp\/v2\/types\/page"}],"author":[{"embeddable":true,"href":"https:\/\/www.christusbund.de\/younited\/wp-json\/wp\/v2\/users\/2"}],"replies":[{"embeddable":true,"href":"https:\/\/www.christusbund.de\/younited\/wp-json\/wp\/v2\/comments?post=910"}],"version-history":[{"count":10,"href":"https:\/\/www.christusbund.de\/younited\/wp-json\/wp\/v2\/pages\/910\/revisions"}],"predecessor-version":[{"id":949,"href":"https:\/\/www.christusbund.de\/younited\/wp-json\/wp\/v2\/pages\/910\/revisions\/949"}],"wp:attachment":[{"href":"https:\/\/www.christusbund.de\/younited\/wp-json\/wp\/v2\/media?parent=910"}],"curies":[{"name":"wp","href":"https:\/\/api.w.org\/{rel}","templated":true}]}}