{"id":24,"date":"2021-02-01T17:53:30","date_gmt":"2021-02-01T16:53:30","guid":{"rendered":"https:\/\/www.christusbund.de\/younited-online\/?page_id=24"},"modified":"2026-01-16T00:21:36","modified_gmt":"2026-01-15T23:21:36","slug":"jugo","status":"publish","type":"page","link":"https:\/\/www.christusbund.de\/younited\/jugo\/","title":{"rendered":"Younited #jugo"},"content":{"rendered":"<div id=\"pl-24\"  class=\"panel-layout\" ><div id=\"pg-24-0\"  class=\"panel-grid panel-has-style\" ><div class=\"cb_container panel-row-style panel-row-style-for-24-0\" ><div id=\"pgc-24-0-0\"  class=\"panel-grid-cell\" ><div id=\"panel-24-0-0-0\" class=\"so-panel widget widget_black-studio-tinymce widget_black_studio_tinymce panel-first-child panel-last-child\" data-index=\"0\" ><div class=\"container panel-widget-style panel-widget-style-for-24-0-0-0\" ><div class=\"textwidget\"><div class=\"y-content\">\n\n  <h1>Younited #jugo<br><span class=\"color-primary\">Jugendgottesdienst<\/span><\/h1>\n  <div class=\"y-label\"><span class=\"label label-primary\"><strong>14.03.2026<\/strong> | Kirchheim<\/span><\/div>\n\n  <p>Hey, wir freuen uns sehr, dich und deine Freunde am 14. M\u00e4rz 2026 zu unserem j\u00e4hrlichen Verbandsjugendgottesdienst nach Kirchheim einladen zu d\u00fcrfen. Auf uns wartet ein genialer Abend mit Gottes Wort, einer Predigt mit Silas Birnbaum, guter Musik, leckerem Essen und echter Gemeinschaft. Und das alles zusammen mit den anderen Teen- und Jugendkreisen aus dem Christusbund und dar\u00fcber hinaus.<\/p>\n\n  <p class=\"color-middlegray\">#predigt #lobpreis #beten #begegnungen #gemeinschaft #buffet #tischkicker ##megarennbahn #spiele #livemusik #du #wir #verbunden #vernetzt<\/p>\n\n  <p>\n    <strong>Wer:<\/strong> Du und deine Freunde | Teen- und Jugendkreise im Christusbund und dar\u00fcber hinaus<br>\n    <strong>Wann:<\/strong> Samstag, 14. M\u00e4rz 2026 | 18:00 - ca. 22:00 Uhr<br>\n    <strong>Wo:<\/strong> Christusbund Kirchheim | Alleenforum | Alleenstra\u00dfe 78 | 73230 Kirchheim unter Teck\n  <p>\n\n  <p style=\"margin-top: 20px;\" class=\"cb_btn_multi\">\n    <a class=\"btn btn-primary\" href=\"#info\"><i class=\"fa-solid fa-arrow-down\"><\/i> Mitbringbuffet<\/a>\u00a0\n    <a class=\"btn btn-lightgray\" href=\"https:\/\/maps.app.goo.gl\/SB39BHQFSsaTMLmy5\" target=\"_blank\"><i class=\"fa-solid fa-map-pin\"><\/i> Anreise<\/a>\u00a0\n    <a class=\"btn btn-lightgray\" href=\"https:\/\/christusbund.sharepoint.com\/:f:\/s\/medien\/IgCY65sH9zAHSZ72OL8m_L9YAdeNWIi3-9Vo4ii5FHPJSjQ?e=3whrGs\" target=\"_blank\"><i class=\"fa-solid fa-download\"><\/i> Flyer zum Teilen<\/a>\u00a0\n  <\/p>\n\n<\/div><\/div><\/div><\/div><\/div><\/div><\/div><div id=\"pg-24-1\"  class=\"panel-grid panel-has-style\" ><div class=\"cb_container cb_bg_lightgray panel-row-style panel-row-style-for-24-1\" ><div id=\"pgc-24-1-0\"  class=\"panel-grid-cell\" ><div id=\"panel-24-1-0-0\" class=\"so-panel widget widget_black-studio-tinymce widget_black_studio_tinymce panel-first-child panel-last-child\" data-index=\"1\" ><div class=\"container panel-widget-style panel-widget-style-for-24-1-0-0\" ><div class=\"textwidget\"><div id=\"info\" class=\"cb_wp_anker_inner\"><\/div>\n<h3>Infos f\u00fcr Teen- und Jugendkreise<\/h3>\n<p>Younited #jugo soll von euch und f\u00fcr euch sein! Daher ben\u00f6tigen wir eure konkrete Hilfe:<\/p>\n<p><strong>Liebe (und Gemeinschaft) geht durch den Magen:<\/strong><br \/>\nBei Younited #jugo wollen wir gemeinsam Essen. Bringt als Gruppe ungef\u00e4hr so viel Essen mit, wie ihr mengenm\u00e4\u00dfig f\u00fcr euch selbst ben\u00f6tigt (+10%). Dann machen wir ein gro\u00dfes Buffet und teilen alles gemeinsam. Da es ein Abendessen wird, sollten es herzhafte Sachen sein. Bitte transportiert die Lebensmittel in entsprechenden Beh\u00e4ltern, in denen ihr am Ende eure Reste dann auch wieder gut mit nach Hause nehmen k\u00f6nnt. Alle Sch\u00fcsseln\/Platten bitte gut beschriften und zur Sicherheit vorher ein Foto machen. Vor Ort sollen keine Reste anderweitig verteilt oder gar weggeschmissen werden m\u00fcssen.<\/p>\n<p>Um Getr\u00e4nke k\u00fcmmern wir uns. Es wird vor Ort die M\u00f6glichkeit geben kleine Getr\u00e4nke zum Selbstkostenpreis k\u00e4uflich zu erwerben.<\/p>\n<p>Wer Lebensmittelunvertr\u00e4glichkeiten hat oder auf bestimmte Speisen freiwillig verzichtet, sollte selbst schauen, dass er passendes mitbringt. Bei diesem System ist es fast unm\u00f6glich zu gew\u00e4hrleisten, dass wirklich ganz eindeutig klar ist, was in jedem Essen drin ist und was nicht.<\/p>\n<\/div><\/div><\/div><\/div><\/div><\/div><div id=\"pg-24-2\"  class=\"panel-grid panel-has-style\" ><div class=\"full-width panel-row-style panel-row-style-for-24-2\" ><div id=\"pgc-24-2-0\"  class=\"panel-grid-cell\" ><div id=\"panel-24-2-0-0\" class=\"so-panel widget widget_black-studio-tinymce widget_black_studio_tinymce panel-first-child panel-last-child\" data-index=\"2\" ><div class=\"textwidget\"><div id=\"map\"><\/div>\n\n<script type=\"text\/javascript\">\nmaplibregl.accessToken = 'pk.eyJ1IjoiY2JkZXZlbG9wZXIiLCJhIjoiU0FlYUk4ayJ9.yZN1LhjJhopp3Zt6AlAUkQ';\r\nvar map = new maplibregl.Map({\r\n  container: 'map',\r\n  style: 'https:\/\/api.maptiler.com\/maps\/ab4c5dbe-da20-4004-9ff0-e4c1d145b182\/style.json?key=Y4CkKkGMyEQkCkxyuft5',\r\n  center: [9.454128103239759, 48.64633158315274],\r\n  zoom: 11,\r\n  pitch: 50\r\n});\r\nmap.addControl(new maplibregl.NavigationControl());\r\nmap.scrollZoom.disable();\r\n\r\nnew maplibregl.Marker({\r\n    color: '#acaa00',\r\n    closeButton: false\r\n  })\r\n  .setLngLat([9.454128103239759, 48.64633158315274])\r\n  .setPopup(new maplibregl.Popup({\r\n      offset: 25, focusAfterOpen: false\r\n    }) \/\/ add popups\r\n    .setHTML(\"<strong>Alleenforum<\/strong><br>Alleenstr. 78 | 73230 Kirchheim\/Teck<br><a class='pointer' href='https:\/\/maps.app.goo.gl\/2gEBSUETfpWSR1bAA' target='_blank'><i class='far fa-chevron-circle-right'><\/i> Google Maps<\/a>\"))\r\n  .addTo(map)\r\n  .togglePopup();\n<\/script><\/div><\/div><\/div><\/div><\/div><\/div>","protected":false},"excerpt":{"rendered":"<p>Younited #jugoJugendgottesdienst 14.03.2026 | Kirchheim Hey, wir freuen uns sehr, dich und deine Freunde am 14. M\u00e4rz 2026 zu unserem j\u00e4hrlichen Verbandsjugendgottesdienst nach Kirchheim einladen zu d\u00fcrfen. Auf uns wartet ein genialer Abend mit Gottes Wort, einer Predigt mit Silas [&hellip;]<\/p>\n","protected":false},"author":2,"featured_media":591,"parent":0,"menu_order":0,"comment_status":"closed","ping_status":"closed","template":"","meta":{"footnotes":""},"class_list":["post-24","page","type-page","status-publish","has-post-thumbnail","hentry"],"publishpress_future_action":{"enabled":false,"date":"2026-05-10 13:01:03","action":"change-status","newStatus":"draft","terms":[],"taxonomy":"","extraData":[]},"publishpress_future_workflow_manual_trigger":{"enabledWorkflows":[]},"_links":{"self":[{"href":"https:\/\/www.christusbund.de\/younited\/wp-json\/wp\/v2\/pages\/24","targetHints":{"allow":["GET"]}}],"collection":[{"href":"https:\/\/www.christusbund.de\/younited\/wp-json\/wp\/v2\/pages"}],"about":[{"href":"https:\/\/www.christusbund.de\/younited\/wp-json\/wp\/v2\/types\/page"}],"author":[{"embeddable":true,"href":"https:\/\/www.christusbund.de\/younited\/wp-json\/wp\/v2\/users\/2"}],"replies":[{"embeddable":true,"href":"https:\/\/www.christusbund.de\/younited\/wp-json\/wp\/v2\/comments?post=24"}],"version-history":[{"count":10,"href":"https:\/\/www.christusbund.de\/younited\/wp-json\/wp\/v2\/pages\/24\/revisions"}],"predecessor-version":[{"id":906,"href":"https:\/\/www.christusbund.de\/younited\/wp-json\/wp\/v2\/pages\/24\/revisions\/906"}],"wp:featuredmedia":[{"embeddable":true,"href":"https:\/\/www.christusbund.de\/younited\/wp-json\/wp\/v2\/media\/591"}],"wp:attachment":[{"href":"https:\/\/www.christusbund.de\/younited\/wp-json\/wp\/v2\/media?parent=24"}],"curies":[{"name":"wp","href":"https:\/\/api.w.org\/{rel}","templated":true}]}}