{"id":160,"date":"2015-10-26T11:33:43","date_gmt":"2015-10-26T10:33:43","guid":{"rendered":"http:\/\/sandbox.christusbund.de\/wordpress\/newtheme\/?page_id=6"},"modified":"2026-04-21T19:52:00","modified_gmt":"2026-04-21T17:52:00","slug":"startseite","status":"publish","type":"page","link":"https:\/\/www.christusbund.de\/stetten\/","title":{"rendered":"Christusbund Stetten"},"content":{"rendered":"<div id=\"pl-160\"  class=\"panel-layout\" ><div id=\"pg-160-0\"  class=\"panel-grid panel-has-style\" ><div class=\"container cb_container panel-row-style panel-row-style-for-160-0\" ><div id=\"pgc-160-0-0\"  class=\"panel-grid-cell\" ><div id=\"panel-160-0-0-0\" class=\"so-panel widget widget_sow-editor panel-first-child panel-last-child\" data-index=\"0\" ><div\n\t\t\t\n\t\t\tclass=\"so-widget-sow-editor so-widget-sow-editor-base\"\n\t\t\t\n\t\t><h3 class=\"widget-title\">Herzlich Willkommen<\/h3>\n<div class=\"siteorigin-widget-tinymce textwidget\">\n\t<p>auf unserer Homepage.<br \/>\nUnsere regelm\u00e4\u00dfig stattfindenden Veranstaltungen sind \u00f6ffentlich und f\u00fcr jeden frei zug\u00e4nglich.<br \/>\nBei Fragen sprechen Sie uns gerne an.<br \/>\nOder Sie besuchen uns in unserem Gottesdienst - jeden Sonntag ab 10:30 Uhr. Oder einer unserer anderen regelm\u00e4\u00dfigen Veranstaltungen.<\/p>\n<\/div>\n<\/div><\/div><\/div><\/div><\/div><div id=\"pg-160-1\"  class=\"panel-grid panel-has-style\" ><div class=\"container cb_container panel-row-style panel-row-style-for-160-1\" ><div id=\"pgc-160-1-0\"  class=\"panel-grid-cell\" ><div id=\"panel-160-1-0-0\" class=\"so-panel widget widget_sow-editor panel-first-child panel-last-child\" data-index=\"1\" ><div\n\t\t\t\n\t\t\tclass=\"so-widget-sow-editor so-widget-sow-editor-base\"\n\t\t\t\n\t\t><h3 class=\"widget-title\">Eine  Gemeinde f\u00fcr alle Generationen<\/h3>\n<div class=\"siteorigin-widget-tinymce textwidget\">\n\t<div id=\"1938411623\" class=\"u_1938411623 dmRespCol small-12 large-6 medium-6\">\n<div id=\"1381022256\" class=\"u_1381022256 dmNewParagraph\" data-element-type=\"paragraph\" data-version=\"5\">\n<p class=\"m-size-18 text-align-center size-22\"><span class=\"font-size-22 m-font-size-18\">Der Sonntag ist das Highlight der Woche. <\/span><\/p>\n<p class=\"m-size-18 text-align-center size-22\"><span class=\"font-size-22 m-font-size-18\">Wir treffen uns, um generations\u00fcbgreifend Gott zu feiern, von Gott zu h\u00f6ren und Zeit miteinander zu verbringen.<br \/>\n<\/span><span class=\"font-size-22 m-font-size-18\">In der heutigen Zeit\u00a0 ist mehr als wichtig, Kraft zu tanken vom Alltag abzuschalten und f\u00fcr die folgende Woche ger\u00fcstet zu sein.<br \/>\nManchmal ist es auch wichtig seine Sorgen mit anderen zu teilen und f\u00fcr sich beten zu lassen.<br \/>\n<\/span><\/p>\n<p class=\"m-size-18 text-align-center size-22\" style=\"text-align: center;\">In der Bibel steht dazu in Matth\u00e4us 11, 28<br \/>\n<em>Kommt zu mir, ihr alle, die ihr euch plagt und von eurer Last fast erdr\u00fcckt werdet; ich werde sie euch abnehmen.\u00a0<\/em><em>[NG\u00dc]<\/em><\/p>\n<\/div>\n<div id=\"1381022256\" class=\"u_1381022256 dmNewParagraph\" data-element-type=\"paragraph\" data-version=\"5\">\n<p class=\"m-size-18 text-align-center size-22\"><span class=\"font-size-22 m-font-size-18\">F\u00fcr die Kinder gibt es, nach dem gemeinsamen Start, ein zus\u00e4tzliches Angebot.<br \/>\n<\/span><\/p>\n<p class=\"m-size-18 text-align-center size-22\"><span class=\"font-size-22 m-font-size-18\">Dies<\/span><span class=\"font-size-22 m-font-size-18\"> alles<\/span><span class=\"font-size-22 m-font-size-18\"> k\u00f6nnen Sie in unsren Gottesdiensten erleben.<\/span><\/p>\n<p>Auch unter der Woche gibt es f\u00fcr jede Altersgruppe entsprechende Angebote.<\/p>\n<\/div>\n<\/div>\n<\/div>\n<\/div><\/div><\/div><\/div><\/div><div id=\"pg-160-2\"  class=\"panel-grid panel-has-style\" ><div class=\"container cb_container panel-row-style panel-row-style-for-160-2\" ><div id=\"pgc-160-2-0\"  class=\"panel-grid-cell panel-grid-cell-mobile-last\" ><div id=\"panel-160-2-0-0\" class=\"so-panel widget widget_sow-editor panel-first-child\" data-index=\"2\" ><div\n\t\t\t\n\t\t\tclass=\"so-widget-sow-editor so-widget-sow-editor-base\"\n\t\t\t\n\t\t><h3 class=\"widget-title\">Aktuelles<\/h3>\n<div class=\"siteorigin-widget-tinymce textwidget\">\n\t<\/div>\n<\/div><\/div><div id=\"panel-160-2-0-1\" class=\"so-panel widget widget_sow-editor panel-last-child\" data-index=\"3\" ><div\n\t\t\t\n\t\t\tclass=\"so-widget-sow-editor so-widget-sow-editor-base\"\n\t\t\t\n\t\t>\n<div class=\"siteorigin-widget-tinymce textwidget\">\n\t<div id=\"1938411623\" class=\"u_1938411623 dmRespCol small-12 large-6 medium-6\">Herzliche Einladung zu einer Vortragsveranstaltung im Rahmen \"50 Jahre \u00d6kumene in Kernen\".<\/div>\n<div><img loading=\"lazy\" decoding=\"async\" class=\"alignnone  wp-image-6204\" src=\"http:\/\/www.christusbund.de\/stetten\/wp-content\/uploads\/sites\/20\/2026\/04\/Plakat-Kirche-unruhige-Zeiten-200x300.png\" alt=\"\" width=\"367\" height=\"551\" srcset=\"https:\/\/www.christusbund.de\/stetten\/wp-content\/uploads\/sites\/20\/2026\/04\/Plakat-Kirche-unruhige-Zeiten-200x300.png 200w, https:\/\/www.christusbund.de\/stetten\/wp-content\/uploads\/sites\/20\/2026\/04\/Plakat-Kirche-unruhige-Zeiten-683x1024.png 683w, https:\/\/www.christusbund.de\/stetten\/wp-content\/uploads\/sites\/20\/2026\/04\/Plakat-Kirche-unruhige-Zeiten-768x1152.png 768w, https:\/\/www.christusbund.de\/stetten\/wp-content\/uploads\/sites\/20\/2026\/04\/Plakat-Kirche-unruhige-Zeiten.png 1024w\" sizes=\"auto, (max-width: 367px) 100vw, 367px\" \/><\/div>\n<\/div>\n<\/div><\/div><\/div><div id=\"pgc-160-2-1\"  class=\"panel-grid-cell panel-grid-cell-empty\" ><\/div><\/div><\/div><div id=\"pg-160-3\"  class=\"panel-grid panel-has-style\" ><div class=\"cb_container cb_bg_lightgray panel-row-style panel-row-style-for-160-3\" ><div id=\"pgc-160-3-0\"  class=\"panel-grid-cell\" ><div id=\"panel-160-3-0-0\" class=\"so-panel widget widget_black-studio-tinymce widget_black_studio_tinymce panel-first-child panel-last-child\" data-index=\"4\" ><div class=\"textwidget\"><div id=\"highlights\" class=\"cb_wp_anker\"><\/div>\n<div class=\"container-fluid cb_highlights\">\n  <div class=\"row\">\n    <div class=\"col-md-8 col-md-offset-2\">\n      <h4 class=\"text-center\"><span class=\"cb_heading cb_bg_primary\">Gemeinschaft, die tr\u00e4gt.<\/span><\/h4>\n      <div class=\"row text-center\">\n        <div class=\"col-sm-4 col-xs-12\">\n          <a class=\"cb_circle\" href=\"https:\/\/www.christusbund.de\/stetten\/gemeinde\"><span class=\"fas fa-comment\"><\/span><\/a>\n          <h4>Lernen Sie uns kennen<\/h4>\n          <p>Wer sind wir? Was glauben wir? Wer ist unser Tr\u00e4ger? Wie organisieren wir uns?<\/p>\n        <\/div>\n        <div class=\"col-sm-4 col-xs-12\">\n          <a class=\"cb_circle\" href=\"https:\/\/www.christusbund.de\/stetten\/gruppen\"><span class=\"fas fa-users\"><\/span><\/a>\n          <h4>Gruppen &amp; Angebote<\/h4>\n          <p>Kommen Sie doch einfach mal zum Reinschnuppern, gerne nat\u00fcrlich auch regelm\u00e4\u00dfig zu unseren Angeboten!<\/p>\n        <\/div>\n        <div class=\"col-sm-4 col-xs-12\">\n          <a class=\"cb_circle\" href=\"diese-woche\"><span class=\"fas fa-calendar\"><\/span><\/a>\n          <h4>Veranstaltungen<\/h4>\n          <p>Bei uns ist immer etwas los, sehen Sie mal hier...<\/p>\n        <\/div>\n      <\/div>\n      &nbsp;\n      <div class=\"cb_btn_multi text-center\"><a class=\"btn btn-primary btn-lg\" href=\"diese-woche\">Aktuelles <i class=\"fas fa-arrow-right\"><\/i><\/a>\n        <a class=\"btn btn-primary btn-lg\" href=\".\/gemeinde\">Mehr erfahren <i class=\"fas fa-arrow-right\"><\/i><\/a><\/div>\n    <\/div>\n  <\/div>\n<\/div><\/div><\/div><\/div><\/div><\/div><div id=\"pg-160-4\"  class=\"panel-grid panel-has-style\" ><div class=\"full-width panel-row-style panel-row-style-for-160-4\" ><div id=\"pgc-160-4-0\"  class=\"panel-grid-cell\" ><div id=\"panel-160-4-0-0\" class=\"so-panel widget widget_black-studio-tinymce widget_black_studio_tinymce panel-first-child panel-last-child\" data-index=\"5\" ><div class=\"textwidget\"><div id=\"map\"><\/div>\n<script type=\"text\/javascript\">\nmaplibregl.accessToken = 'pk.eyJ1IjoiY2JkZXZlbG9wZXIiLCJhIjoiU0FlYUk4ayJ9.yZN1LhjJhopp3Zt6AlAUkQ';\r\nvar map = new maplibregl.Map({\r\n  container: 'map',\r\n  style: 'https:\/\/api.maptiler.com\/maps\/ab4c5dbe-da20-4004-9ff0-e4c1d145b182\/style.json?key=Y4CkKkGMyEQkCkxyuft5',\r\n  center: [9.337276, 48.791357],\r\n  zoom: 12,\r\n  pitch: 50\r\n});\r\nmap.addControl(new maplibregl.NavigationControl());\r\nmap.scrollZoom.disable();\r\n\r\nnew maplibregl.Marker({\r\n    color: '#acaa00',\r\n    closeButton: false\r\n  })\r\n  .setLngLat([9.337276, 48.791357])\r\n  .setPopup(new maplibregl.Popup({\r\n      offset: 25, focusAfterOpen: false\r\n    }) \/\/ add popups\r\n    .setHTML(\"<strong>Christusbund Stetten<\/strong><br>Eichenweg 6 | 71394 Kernen-Stetten<br><a class='pointer' href='https:\/\/goo.gl\/maps\/8XegtSCB9LJ2' target='_blank'><i class='far fa-chevron-circle-right'><\/i> Google Maps<\/a>\"))\r\n  .addTo(map)\r\n  .togglePopup();\n<\/script><\/div><\/div><\/div><\/div><\/div><\/div>","protected":false},"excerpt":{"rendered":"<p>auf unserer Homepage. Unsere regelm\u00e4\u00dfig stattfindenden Veranstaltungen sind \u00f6ffentlich und f\u00fcr jeden frei zug\u00e4nglich. Bei Fragen sprechen Sie uns gerne an. Oder Sie besuchen uns in unserem Gottesdienst &#8211; jeden Sonntag ab 10:30 Uhr. Oder einer unserer anderen regelm\u00e4\u00dfigen Veranstaltungen.<\/p>\n","protected":false},"author":40,"featured_media":0,"parent":0,"menu_order":2,"comment_status":"closed","ping_status":"closed","template":"","meta":{"footnotes":""},"class_list":["post-160","page","type-page","status-publish","hentry"],"publishpress_future_action":{"enabled":false,"date":"2026-05-05 11:03:10","action":"change-status","newStatus":"draft","terms":[],"taxonomy":"","extraData":[]},"publishpress_future_workflow_manual_trigger":{"enabledWorkflows":[]},"_links":{"self":[{"href":"https:\/\/www.christusbund.de\/stetten\/wp-json\/wp\/v2\/pages\/160","targetHints":{"allow":["GET"]}}],"collection":[{"href":"https:\/\/www.christusbund.de\/stetten\/wp-json\/wp\/v2\/pages"}],"about":[{"href":"https:\/\/www.christusbund.de\/stetten\/wp-json\/wp\/v2\/types\/page"}],"author":[{"embeddable":true,"href":"https:\/\/www.christusbund.de\/stetten\/wp-json\/wp\/v2\/users\/40"}],"replies":[{"embeddable":true,"href":"https:\/\/www.christusbund.de\/stetten\/wp-json\/wp\/v2\/comments?post=160"}],"version-history":[{"count":13,"href":"https:\/\/www.christusbund.de\/stetten\/wp-json\/wp\/v2\/pages\/160\/revisions"}],"predecessor-version":[{"id":6205,"href":"https:\/\/www.christusbund.de\/stetten\/wp-json\/wp\/v2\/pages\/160\/revisions\/6205"}],"wp:attachment":[{"href":"https:\/\/www.christusbund.de\/stetten\/wp-json\/wp\/v2\/media?parent=160"}],"curies":[{"name":"wp","href":"https:\/\/api.w.org\/{rel}","templated":true}]}}