{"id":160,"date":"2015-10-26T11:33:43","date_gmt":"2015-10-26T10:33:43","guid":{"rendered":"http:\/\/sandbox.christusbund.de\/wordpress\/newtheme\/?page_id=6"},"modified":"2026-04-29T22:20:53","modified_gmt":"2026-04-29T20:20:53","slug":"startseite","status":"publish","type":"page","link":"https:\/\/www.christusbund.de\/kirchheim\/","title":{"rendered":"Gemeinde"},"content":{"rendered":"<div id=\"pl-160\"  class=\"panel-layout\" ><div id=\"pg-160-0\"  class=\"panel-grid panel-has-style\" ><div class=\"full-width panel-row-style panel-row-style-for-160-0\" ><div id=\"pgc-160-0-0\"  class=\"panel-grid-cell\" ><div id=\"panel-160-0-0-0\" class=\"so-panel widget widget_black-studio-tinymce widget_black_studio_tinymce panel-first-child panel-last-child\" data-index=\"0\" ><div class=\"textwidget\"><section id=\"home\" class=\"contentHead cb_start\">\n<div class=\"contentHead_bg\"><\/div>\n<div class=\"jumbotron\">\n<div class=\"container\">\n<h1 class=\"text-center hidden-xs\"><span class=\"cb_heading cb_bg_primary\">Christusbund Kirchheim<\/span><\/h1>\n<h1 class=\"text-center visible-xs firstLine\"><span class=\"cb_heading cb_bg_primary\">Christusbund<\/span><\/h1>\n<h1 class=\"text-center visible-xs secoundLine\"><span class=\"cb_heading cb_bg_white\">Kirchheim<\/span><\/h1>\n<div id=\"cb_spotlight_slider\" class=\"owl-carousel\">\r\n<a class=\"item text-center cb_spotlight_item\" href=\"https:\/\/www.christusbund.de\/kirchheim\/wp-content\/uploads\/sites\/23\/2026\/04\/Gluecksgriff-Abend_Einladung.pdf\" rel=\"noopener noreferrer\" target=\"new\">\r\n  <div class=\"cb_spotlight_widget\">\r\n    <div class=\"cb_spotlight_img\" id=\"gluecksgriff\"><\/div>\r\n<div class=\"cb_spotlight_new\"><strong>NEU!<\/strong><\/div>\r\n   <!-- <div class=\"cb_spotlight_title\">Wo ist Gott in all dem Leid?<\/div>-->\r\n    <div class=\"cb_spotlight_text\">\r\n      <strong>07.05.2026<\/strong> Alleenforum<\/div>\r\n  <\/div>\r\n<\/a>\r\n\n\r\n<a class=\"item text-center cb_spotlight_item\" href=\"https:\/\/www.christusbund.de\/kirchheim\/musical-3\/\">\r\n  <div class=\"cb_spotlight_widget\">\r\n    <div class=\"cb_spotlight_img\" id=\"musical5\"><\/div>\r\n<!--<div class=\"cb_spotlight_new\"><strong>NEU!<\/strong><\/div>-->\r\n    <div class=\"cb_spotlight_title\"><\/div>\r\n    <div class=\"cb_spotlight_text\">\r\n      <strong>Musical Nebukadnezar<\/strong> - vom 7.-12.9. im Alleenforum<\/div>\r\n  <\/div>\r\n<\/a>\r\n\n\r\n<a class=\"item text-center cb_spotlight_item\" href=\"https:\/\/www.christusbund.de\/kirchheim\/wp-content\/uploads\/sites\/23\/2026\/02\/Gemeidefreizeit.pdf\"  rel=\"noopener noreferrer\">\r\n  <div class=\"cb_spotlight_widget\">\r\n    <div class=\"cb_spotlight_img\" id=\"frio\"><\/div>\r\n\r\n    <div class=\"cb_spotlight_title\">Gemeindefreizeit in Friolzheim<\/div>\r\n    <div class=\"cb_spotlight_text\">\r\n      <strong>Freizeit in Friolzheim\r\n<\/strong>30.April - 3. Mai 2026\r\n    <\/div>\r\n  <\/div>\r\n<\/a>\r\n\n\r\n<a class=\"item text-center cb_spotlight_item\" href=\"https:\/\/www.christusbund.de\/kirchheim\/wp-content\/uploads\/sites\/23\/2025\/12\/Maenner_Bergwochenende.pdf\" rel=\"noopener noreferrer\" target=\"new\">\r\n  <div class=\"cb_spotlight_widget\">\r\n    <div class=\"cb_spotlight_img\" id=\"maennerwandern\"><\/div>\r\n<!--<div class=\"cb_spotlight_new\"><strong>NEU!<\/strong><\/div>-->\r\n   <div class=\"cb_spotlight_title\"><\/div>\r\n    <div class=\"cb_spotlight_text\">\r\n      <strong>03.-05.07.2026<\/strong> BERGWOCHENENDE f\u00fcr M\u00e4nner<\/div>\r\n  <\/div>\r\n<\/a>\r\n\n\r\n<a class=\"item text-center cb_spotlight_item\" href=\"https:\/\/www.christusbund.de\/kirchheim\/wp-content\/uploads\/sites\/23\/2025\/09\/aufatmen.jpg\" target=\"new\" rel=\"noopener noreferrer\">\r\n  <div class=\"cb_spotlight_widget\">\r\n    <div class=\"cb_spotlight_img\" id=\"frauen\"><\/div>\r\n<!--<div class=\"cb_spotlight_new\"><strong>NEU!<\/strong><\/div>-->\r\n    <div class=\"cb_spotlight_title\">Aufatmen Programm<\/div>\r\n    <div class=\"cb_spotlight_text\">\r\n      <strong>Aufatmen \r\n\r\n<\/strong>f\u00fcr Frauen\r\n    <\/div>\r\n  <\/div>\r\n<\/a>\r\n\n\r\n<a class=\"item text-center cb_spotlight_item\" href=\"https:\/\/freudeangott.de\/der-wunderbare-gott-2025\/\">\r\n  <div class=\"cb_spotlight_widget\">\r\n<!--<div class=\"cb_spotlight_new\"><strong>NEU<\/strong><\/div>-->\r\n    <div class=\"cb_spotlight_img\" id=\"wunderbarergott\"><\/div>\r\n   <div class=\"cb_spotlight_title\">Kleingruppenprojekt<\/div>\r\n    <div class=\"cb_spotlight_text\">\r\n      <strong>Jahwe \u2013 wer ist dieser Gott? - <\/strong>der wunderbare Gott<\/div>\r\n\r\n  <\/div>\r\n<\/a>\r\n\n\r\n<a class=\"item text-center cb_spotlight_item\" href=\"https:\/\/freudeangott.de\/\">\r\n  <div class=\"cb_spotlight_widget\">\r\n<!--<div class=\"cb_spotlight_new\"><strong>NEU<\/strong><\/div>-->\r\n    <div class=\"cb_spotlight_img\" id=\"kgruppe\"><\/div>\r\n   <div class=\"cb_spotlight_title\">Freude an Gott<\/div>\r\n    <div class=\"cb_spotlight_text\">\r\n      <strong>Material <\/strong> zum Kleingruppenprojekt<\/div>\r\n\r\n  <\/div>\r\n<\/a>\r\n\n\r\n<a class=\"item text-center cb_spotlight_item\" href=\"https:\/\/youtu.be\/yah9Vz7eHNI\" rel=\"noopener noreferrer\" target=\"new\">\r\n  <div class=\"cb_spotlight_widget\">\r\n    <div class=\"cb_spotlight_img\" id=\"neubau\"><\/div>\r\n\r\n    <div class=\"cb_spotlight_title\"><\/div>\r\n    <div class=\"cb_spotlight_text\">\r\n\r\n<strong><\/strong>Neuer Bau - Alte Botschaft Ein Dokumentarfilm \u00fcber die Geschichte des Christusbundes Kirchheim<\/strong><\/div>\r\n  <\/div>\r\n<\/a>\r\n\n\r\n<a class=\"item text-center cb_spotlight_item\" href=\"https:\/\/www.christusbund.de\/freizeiten\" target=\"_blank\" rel=\"noopener noreferrer\">\r\n  <div class=\"cb_spotlight_widget\">\r\n\r\n    <div class=\"cb_spotlight_img\" id=\"leuchtfeuer\"><\/div>\r\n    \r\n    <div class=\"cb_spotlight_title\">Leuchtfeuer Freizeiten<\/div>\r\n    <div class=\"cb_spotlight_text\">\r\n      <strong>Christliche Freizeiten<\/strong> und <strong>Seminare<\/strong> f\u00fcr Kinder, Jugendliche, Familien, Alleinreisende und Senioren.\r\n    <\/div>\r\n  <\/div>\r\n<\/a>\r\n\n\r\n<a class=\"item text-center cb_spotlight_item\" href=\"https:\/\/www.christusbund.de\/kirchheim\/wp-content\/uploads\/sites\/23\/2023\/09\/bu_einladung_teck_2023-2025.pdf\" target=\"_blank\" rel=\"noopener noreferrer\">\r\n  <div class=\"cb_spotlight_widget\">\r\n    <div class=\"cb_spotlight_img\" id=\"bu\"><\/div>\r\n    <div class=\"cb_spotlight_title\">Biblischer Unterricht<\/div>\r\n    <div class=\"cb_spotlight_text\">\r\n      <strong>f\u00fcr Teenager von 11\u201313 Jahren<\/strong> im Teckbezirk<\/div>\r\n  <\/div>\r\n<\/a>\r\n\n<\/div>\n<div class=\"scrolldown text-center\">\n    <a href=\"#highlights\"><i class=\"fal fa-chevron-circle-down\"><\/i><\/a>\n  <\/div>\n<\/div>\n<\/section><script type=\"text\/javascript\">\njQuery(document).ready(function($) {\r\n  $(\"#cb_spotlight_slider\").owlCarousel({\r\n    autoplay: 4000,\r\n    lazyLoad: true,\r\n    autoplayHoverPause: true,\r\n    loop: true,\r\n    nav: true,\r\n    dots: true,\r\n    autoHeight: false,\r\n    navText: [\r\n      '<i class=\"fal fa-angle-left\"><\/i>',\r\n      '<i class=\"fal fa-angle-right\"><\/i>'\r\n    ],\r\n    responsive: {\r\n        0: {\r\n          items: 1\r\n        },\r\n        768: {\r\n          items: 2\r\n        },\r\n        991: {\r\n          items: 3\r\n        }\r\n      }\r\n  });\r\n});\n<\/script><\/div><\/div><\/div><\/div><\/div><div id=\"pg-160-1\"  class=\"panel-grid panel-has-style\" ><div class=\"cb_container cb_bg_lightgray panel-row-style panel-row-style-for-160-1\" ><div id=\"pgc-160-1-0\"  class=\"panel-grid-cell\" ><div id=\"panel-160-1-0-0\" class=\"so-panel widget widget_black-studio-tinymce widget_black_studio_tinymce panel-first-child panel-last-child\" data-index=\"1\" ><div class=\"cb_container cb_bg_lightgray panel-widget-style panel-widget-style-for-160-1-0-0\" ><h3 class=\"widget-title\">Herzliche Einladung zu unseren Gottesdiensten!<\/h3><div class=\"textwidget\"><h1 style=\"color:red;\" >Achtung diesen Sonntag den 03.05.2026 <br \/>findet morgens kein Gottesdienst im Alleenforum statt! Wir treffen uns in Friolzheim zur Gemeindefreizeit. <\/h1>\n<h3><a href=\"https:\/\/www.christusbund.de\/kirchheim\/termine2\/\">hier geht's zur Terminseite <\/a><\/h3>\n<p><!--Wir m\u00f6chten zusammen Gottesdienst feiern und anschlie\u00dfend bei Kaffee, Tee und leckerem Kuchen miteinander ins Gespr\u00e4ch kommen. \n\n<h1 style=\"color:red;\">Achtung heute Sonntag den 19.10.2025 <br \/>findet morgens kein Gottesdienst im Alleenforum statt! Wir  treffen uns um 10 Uhr in Stuttgart in der Liederhalle zum <a href=\"https:\/\/www.christusbund.de\/verband\/christustreff\/\">Christustreff<\/a>, dem Jahrestreffen unseres Verbandes!<\/h1>\n\n\nWir sind in Urspring beim  <a href=\"https:\/\/www.christusbund.de\/kirchheim\/wp-content\/uploads\/sites\/23\/2025\/06\/Sommerfest25.jpg\">Sommerfest<\/a><\/h1>\n\n\n\n\n<h1>Karfreitag 3. April: 15:00 Uhr Gottesdienst mit Abendmahl<\/h1>\n\n\n<br \/>\n\n\n<h1>OSTER-FR\u00dcHST\u00dcCK:\nSonntag, 05. April: 8:30 Uhr \n<br \/>\nOSTER-GOTTESDIENST:\nSonntag, 05. April: 10:30 Uhr<\/h1>\n\n\n\n\n<h3>Wir laden Dich herzlich ein mit uns gemeinsam Gottesdienst zu feiern:<br \/>jeden Sonntag um 10:30 Uhr, mit parallelem Kindergottesdienst,<br \/>und jeden ersten und dritten Sonntag im Monat abends um 19:30 Uhr. \n\n<h3><a href=\"https:\/\/www.christusbund.de\/kirchheim\/termine2\/\">hier geht's zur Terminseite <\/a><\/h3>\n\n --><\/p>\n<\/div><\/div><\/div><\/div><\/div><\/div><div id=\"pg-160-2\"  class=\"panel-grid panel-has-style\" ><div class=\"cb_container cb_bg_lightgray panel-row-style panel-row-style-for-160-2\" ><div id=\"pgc-160-2-0\"  class=\"panel-grid-cell panel-grid-cell-empty\" ><\/div><div id=\"pgc-160-2-1\"  class=\"panel-grid-cell\" ><div id=\"panel-160-2-1-0\" class=\"so-panel widget widget_black-studio-tinymce widget_black_studio_tinymce panel-first-child panel-last-child\" data-index=\"2\" ><div class=\"textwidget\"><p class=\"text-center\"><a class=\"btn btn-primary btn-lg\" href=\"http:\/\/www.hol-dir-den-pokal.de\/podcast.php\" target=\"_blank\" rel=\"noopener\"><i class=\"fas fa-download\"><\/i> Predigtdownload [Audio]<\/a><\/p>\n<\/div><\/div><\/div><div id=\"pgc-160-2-2\"  class=\"panel-grid-cell panel-grid-cell-mobile-last\" ><div id=\"panel-160-2-2-0\" class=\"so-panel widget widget_black-studio-tinymce widget_black_studio_tinymce panel-first-child panel-last-child\" data-index=\"3\" ><div class=\"textwidget\"><p class=\"text-center\"><a class=\"btn btn-primary btn-lg\" href=\"https:\/\/www.christusbund.de\/kirchheim\/online-gottesdienste\/\" target=\"_blank\" rel=\"noopener\"><i class=\"fas fa-download\"><\/i> Livestream \/ Video<\/a><\/p>\n<\/div><\/div><\/div><div id=\"pgc-160-2-3\"  class=\"panel-grid-cell panel-grid-cell-empty\" ><\/div><\/div><\/div><div id=\"pg-160-3\"  class=\"panel-grid panel-has-style\" ><div class=\"full-width panel-row-style panel-row-style-for-160-3\" ><div id=\"pgc-160-3-0\"  class=\"panel-grid-cell\" ><div id=\"panel-160-3-0-0\" class=\"so-panel widget widget_black-studio-tinymce widget_black_studio_tinymce panel-first-child panel-last-child\" data-index=\"4\" ><div class=\"textwidget\"><div id=\"highlights\" class=\"cb_wp_anker\"><\/div>\n<div class=\"container-fluid cb_highlights\">\n  <div class=\"row\">\n    <div class=\"col-md-8 col-md-offset-2\">\n      <h4 class=\"text-center\">\n        <span class=\"cb_heading cb_bg_primary\">Gemeinschaft, die tr\u00e4gt.<\/span>\n      <\/h4>\n      <div class=\"row text-center\">\n        <div class=\"col-sm-4 col-xs-12 highlight\">\n          <a class=\"cb_circle\" href=\".\/gottesdienste\">\n            <span class=\"fas fa-comment\"><\/span>\n          <\/a>\n          <h4>Christusbund Kirchheim<\/h4>\n          <p>Wir sind eine christliche Gemeinde mit dem Ziel, Gott zu begegnen und christliche Gemeinschaft zu leben. Uns verbindet der Glaube an Jesus Christus.<\/p>\n          <a class=\"btn btn-primary\" href=\".\/gottesdienste\">Daf\u00fcr stehen wir<\/a>\n        <\/div>\n        <div class=\"col-sm-4 col-xs-12 highlight\">\n          <a class=\"cb_circle\" href=\".\/gruppen\">\n            <span class=\"fas fa-users\"><\/span>\n          <\/a>\n          <h4>Gruppen &amp; Angebote<\/h4>\n          <p>Dieser Glaube steht im Zentrum unserer Gottesdienste und Veranstaltungen f\u00fcr verschiedene Personengruppen, zu denen wir dich ganz herzlich einladen.<\/p>\n          <a class=\"btn btn-primary\" href=\".\/gruppen\">Unsere Gruppen<\/a>\n        <\/div>\n        <div class=\"col-sm-4 col-xs-12 highlight\">\n          <a class=\"cb_circle\" href=\"https:\/\/80bf62aa.sibforms.com\/serve\/MUIFABTz__3aLobtQvpQBYxiWIviYNAXq-r2RxIaVnoQojGB3J9LIWNef02Uvkl7bmmg7poqyuxhzHTkY1NDde24yIc40T0sx1am60OJ2Cfly8Yh7vy9mb5TEoBhmdnVVS99DVqlqzSXWZMD5QFADsGzaT4xA88p47D1VazCpWVtb7Ot4-H8fS0UQNPTPaERbHy72DLPtOm9UsYa%22\" target=\"_blank\">\n            <span class=\"fas fa-paper-plane\"><\/span>\n          <\/a>\n          <h4>Newsletter<\/h4>\n          <p>Mit dem Christusbund Kirchheim Newsletter informieren wir dich regelm\u00e4\u00dfig \u00fcber Termine und Neuigkeiten aus unserer Gemeinde.<\/p>\n          <a class=\"btn btn-primary\" href=\"https:\/\/80bf62aa.sibforms.com\/serve\/MUIFAGywjrFGnxmwI8dEJiLYW6pUKynPxs_DS4YgdEQddEI8PYhGPg9omKJM4xO0v0Lu6cIx8B854xvzMhKBLK3Vc_fSMm4evP-Kvjte0Yt4RfQNnFWCVGkf6OAv5xnxbH2gA-_Vy-TDd23-ZkCU0VojGFIvyF7xq5SqSOTTmLlRUEDc6laGyH7Fho-oKNRdUbvfrTEjv9ODl9bR\" target=\"_blank\">Newsletter abonnieren<\/a>\n        <\/div>\n      <\/div>\n    <\/div>\n  <\/div>\n<\/div><\/div><\/div><\/div><\/div><\/div><div id=\"pg-160-4\"  class=\"panel-grid panel-has-style\" ><div class=\"full-width panel-row-style panel-row-style-for-160-4\" ><div id=\"pgc-160-4-0\"  class=\"panel-grid-cell\" ><div id=\"panel-160-4-0-0\" class=\"so-panel widget widget_black-studio-tinymce widget_black_studio_tinymce panel-first-child panel-last-child\" data-index=\"5\" ><div class=\"textwidget\"><p><iframe src=\"https:\/\/www.google.com\/maps\/embed?pb=!1m14!1m8!1m3!1d17733.933391445033!2d9.444231110146491!3d48.644959181382575!3m2!1i1024!2i768!4f13.1!3m3!1m2!1s0x4799976c3dad7efb%3A0x82dc6b704233fd72!2sAlleenforum%20-%20Gemeindezentrum%20des%20Christusbundes!5e0!3m2!1sde!2sde!4v1697829263617!5m2!1sde!2sde\" width=\"2000\" height=\"450\" style=\"border:0;\" allowfullscreen=\"\" loading=\"lazy\" referrerpolicy=\"no-referrer-when-downgrade\"><\/iframe><\/p>\n<\/div><\/div><\/div><\/div><\/div><\/div>","protected":false},"excerpt":{"rendered":"<p>Christusbund Kirchheim Christusbund Kirchheim Achtung diesen Sonntag den 03.05.2026 findet morgens kein Gottesdienst im Alleenforum statt! Wir treffen uns in Friolzheim zur Gemeindefreizeit. hier geht&#8217;s zur Terminseite<\/p>\n","protected":false},"author":1,"featured_media":0,"parent":0,"menu_order":0,"comment_status":"closed","ping_status":"closed","template":"page-templates\/page_empty.php","meta":{"footnotes":""},"class_list":["post-160","page","type-page","status-publish","hentry"],"publishpress_future_action":{"enabled":false,"date":"2026-05-10 15:09:26","action":"change-status","newStatus":"draft","terms":[],"taxonomy":"","extraData":[]},"publishpress_future_workflow_manual_trigger":{"enabledWorkflows":[]},"post_mailing_queue_ids":[],"_links":{"self":[{"href":"https:\/\/www.christusbund.de\/kirchheim\/wp-json\/wp\/v2\/pages\/160","targetHints":{"allow":["GET"]}}],"collection":[{"href":"https:\/\/www.christusbund.de\/kirchheim\/wp-json\/wp\/v2\/pages"}],"about":[{"href":"https:\/\/www.christusbund.de\/kirchheim\/wp-json\/wp\/v2\/types\/page"}],"author":[{"embeddable":true,"href":"https:\/\/www.christusbund.de\/kirchheim\/wp-json\/wp\/v2\/users\/1"}],"replies":[{"embeddable":true,"href":"https:\/\/www.christusbund.de\/kirchheim\/wp-json\/wp\/v2\/comments?post=160"}],"version-history":[{"count":14,"href":"https:\/\/www.christusbund.de\/kirchheim\/wp-json\/wp\/v2\/pages\/160\/revisions"}],"predecessor-version":[{"id":8655,"href":"https:\/\/www.christusbund.de\/kirchheim\/wp-json\/wp\/v2\/pages\/160\/revisions\/8655"}],"wp:attachment":[{"href":"https:\/\/www.christusbund.de\/kirchheim\/wp-json\/wp\/v2\/media?parent=160"}],"curies":[{"name":"wp","href":"https:\/\/api.w.org\/{rel}","templated":true}]}}